{"id":5075,"date":"2020-02-21T17:56:52","date_gmt":"2020-02-21T15:56:52","guid":{"rendered":"https:\/\/deal-project.info\/home\/"},"modified":"2021-03-03T11:37:12","modified_gmt":"2021-03-03T09:37:12","slug":"home","status":"publish","type":"page","link":"https:\/\/deal-project.info\/es\/","title":{"rendered":"Home"},"content":{"rendered":"<p>[vc_row][vc_column offset=\u00bbvc_hidden-sm vc_hidden-xs\u00bb col_shadow=\u00bbbox_shadow_enable:disable|shadow_horizontal:0|shadow_vertical:15|shadow_blur:50|shadow_spread:0|box_shadow_color:rgba(0%2C0%2C0%2C0.35)\u00bb col_shadow_hover=\u00bbbox_shadow_enable:disable|shadow_horizontal:0|shadow_vertical:15|shadow_blur:50|shadow_spread:0|box_shadow_color:rgba(0%2C0%2C0%2C0.35)\u00bb][vc_empty_space height=\u00bb50px\u00bb][\/vc_column][\/vc_row][vc_row][vc_column][vc_column_text]<\/p>\n<h1 style=\"text-align: center;\">Dementia, Education, Approach, Life<\/h1>\n<p>[\/vc_column_text][vc_empty_space height=\u00bb50px\u00bb][vc_row_inner][vc_column_inner width=\u00bb1\/3&#8243;][dfd_single_image retina_image_size=\u00bbx2&#8243; image=\u00bb4011&#8243; retina_image_x2=\u00bb4017&#8243;][\/vc_column_inner][vc_column_inner width=\u00bb2\/3&#8243;][vc_column_text]El n\u00famero de personas que padecen demencia aumentar\u00e1 y, en consecuencia, la carga socioecon\u00f3mica seguir\u00e1 creciendo. Debido a su prevalencia, costo y profundo impacto en la sociedad, la enfermedad de Alzheimer y otras demencias son prioridades de salud p\u00fablica en los Estados miembros de la UE.<\/p>\n<p>Como la mayor\u00eda de los pa\u00edses europeos est\u00e1n reconociendo el desaf\u00edo que enfrentan, han lanzado planes nacionales de demencia con muchas iniciativas para llevar a cabo. En los pa\u00edses m\u00e1s ricos, se desarrolla e implementa nueva tecnolog\u00eda en este campo.<\/p>\n<p>Sin embargo, parece que falta un v\u00ednculo entre diferentes aspectos; por un lado: toda la investigaci\u00f3n realizada, todo el conocimiento existente, la conciencia, la enorme cantidad de dinero gastado \u2013 y por otro lado: la prioridad que se le da a este tema en la educaci\u00f3n del personal de atenci\u00f3n b\u00e1sica en las formaciones de atenci\u00f3n en Europa.[\/vc_column_text][\/vc_column_inner][\/vc_row_inner][\/vc_column][\/vc_row][vc_row][vc_column][vc_empty_space height=\u00bb100px\u00bb][\/vc_column][\/vc_row][vc_row][vc_column][vc_column_text]<\/p>\n<h2 style=\"text-align: center;\">Our Policy Report<\/h2>\n<p>[\/vc_column_text][dfd_single_image image_size=\u00bbcustom\u00bb image_width=\u00bb150&#8243; image_height=\u00bb150&#8243; image=\u00bb8171&#8243; tutorials=\u00bb\u00bb][vc_column_text]<\/p>\n<p><center><div class=\"_df_button \" id=\"df_8142\"  wpoptions=\"true\" >Policy Report<\/div><script data-cfasync=\"false\">var option_df_8142 = {\"outline\":[],\"forceFit\":\"true\",\"autoEnableOutline\":\"false\",\"autoEnableThumbnail\":\"false\",\"overwritePDFOutline\":\"false\",\"direction\":\"1\",\"pageMode\":\"0\",\"source\":\"https:\\\/\\\/deal-project.info\\\/wp-content\\\/uploads\\\/2021\\\/03\\\/DEAL_IO5_Policy_Report_Final_IG.pdf\",\"wpOptions\":\"true\"}; if(window.DFLIP && DFLIP.parseBooks){DFLIP.parseBooks();}<\/script><\/center>[\/vc_column_text][\/vc_column][\/vc_row][vc_row][vc_column][vc_empty_space height=\u00bb100px\u00bb][\/vc_column][\/vc_row][vc_row][vc_column][vc_column_text]<\/p>\n<h2 style=\"text-align: center;\">Nuestras Noticias<\/h2>\n<p>[\/vc_column_text][dfd_blog_posts posts_to_show=\u00bb6&#8243; items_offset=\u00bb20&#8243; post_image_width=\u00bb600&#8243; post_image_height=\u00bb300&#8243; columns=\u00bb3&#8243; thumb_rounded=\u00bb6&#8243; show_sort_panel=\u00bb\u00bb post_show_top_cat=\u00bb\u00bb post_show_meta_category=\u00bb\u00bb post_show_content=\u00bb\u00bb post_show_author_box=\u00bb\u00bb post_content_alignment=\u00bbtext-center\u00bb post_content_style=\u00bbfull_front\u00bb post_style=\u00bbfitRows\u00bb][\/vc_column][\/vc_row][vc_row][vc_column][vc_empty_space height=\u00bb100px\u00bb][\/vc_column][\/vc_row][vc_row force_equal_height_columns=\u00bbmain_row\u00bb][vc_column width=\u00bb1\/3&#8243;][dfd_single_image retina_image_size=\u00bbx2&#8243; image=\u00bb4023&#8243; retina_image_x2=\u00bb4029&#8243;][\/vc_column][vc_column width=\u00bb2\/3&#8243;][vc_column_text]<\/p>\n<h2>Grupos Objetivo<\/h2>\n<p>os grupos objetivo directos de las actividades de este proyecto son los siguientes:[\/vc_column_text][dfd_icon_list list_fields=\u00bb%5B%7B%22icon_type%22%3A%22selector%22%2C%22select_icon%22%3A%22dfd_icons%22%2C%22ic_dfd_icons%22%3A%22dfd-socicon-icon-checkmark%22%2C%22text_content%22%3A%22Formadores%20y%20profesores%20en%20formaciones%20de%20atenci%C3%B3n%20y%20cuidado%22%7D%2C%7B%22icon_type%22%3A%22selector%22%2C%22select_icon%22%3A%22dfd_icons%22%2C%22ic_dfd_icons%22%3A%22dfd-socicon-icon-checkmark%22%2C%22text_content%22%3A%22Estudiantes%20en%20formaciones%20de%20atenci%C3%B3n%20y%20cuidado%22%7D%2C%7B%22icon_type%22%3A%22selector%22%2C%22select_icon%22%3A%22dfd_icons%22%2C%22ic_dfd_icons%22%3A%22dfd-socicon-icon-checkmark%22%2C%22text_content%22%3A%22Trabajadores%20de%20atenci%C3%B3n%20y%20cuidado%22%7D%2C%7B%22icon_type%22%3A%22selector%22%2C%22select_icon%22%3A%22dfd_icons%22%2C%22ic_dfd_icons%22%3A%22dfd-socicon-icon-checkmark%22%2C%22text_content%22%3A%22Responsables%20en%20el%20campo%20de%20la%20educaci%C3%B3n%22%7D%5D\u00bb del_height=\u00bb1&#8243; main_style=\u00bbstyle-3&#8243; icon_size=\u00bb25&#8243; font_options=\u00bbtag:h4&#8243; icon_color=\u00bb#009fe3&#8243; del_color=\u00bb#009fe3&#8243;][vc_column_text]<em>Sin embargo, los familiares de las personas con demencia tambi\u00e9n se beneficiar\u00e1n de los resultados del proyecto y el beneficiario final es la persona que sufre de demencia.<\/em>[\/vc_column_text][\/vc_column][\/vc_row][vc_row][vc_column][vc_empty_space height=\u00bb100px\u00bb][\/vc_column][\/vc_row]<\/p>\n","protected":false},"excerpt":{"rendered":"<p>[vc_row][vc_column offset=\u00bbvc_hidden-sm vc_hidden-xs\u00bb col_shadow=\u00bbbox_shadow_enable:disable|shadow_horizontal:0|shadow_vertical:15|shadow_blur:50|shadow_spread:0|box_shadow_color:rgba(0%2C0%2C0%2C0.35)\u00bb col_shadow_hover=\u00bbbox_shadow_enable:disable|shadow_horizontal:0|shadow_vertical:15|shadow_blur:50|shadow_spread:0|box_shadow_color:rgba(0%2C0%2C0%2C0.35)\u00bb][vc_empty_space height=\u00bb50px\u00bb][\/vc_column][\/vc_row][vc_row][vc_column][vc_column_text] Dementia, Education, Approach, Life [\/vc_column_text][vc_empty_space height=\u00bb50px\u00bb][vc_row_inner][vc_column_inner width=\u00bb1\/3&#8243;][dfd_single_image retina_image_size=\u00bbx2&#8243; image=\u00bb4011&#8243; retina_image_x2=\u00bb4017&#8243;][\/vc_column_inner][vc_column_inner width=\u00bb2\/3&#8243;][vc_column_text]El n\u00famero de personas que padecen demencia aumentar\u00e1 y, en consecuencia, la carga socioecon\u00f3mica<\/p>\n","protected":false},"author":1,"featured_media":4128,"parent":0,"menu_order":0,"comment_status":"closed","ping_status":"closed","template":"tmp-page.php","meta":{"footnotes":""},"yoast_head":"<!-- This site is optimized with the Yoast SEO plugin v15.2.1 - https:\/\/yoast.com\/wordpress\/plugins\/seo\/ -->\n<title>Home | DEAL<\/title>\n<meta name=\"robots\" content=\"index, follow, max-snippet:-1, max-image-preview:large, max-video-preview:-1\" \/>\n<link rel=\"canonical\" href=\"https:\/\/deal-project.info\/es\/\" \/>\n<meta property=\"og:locale\" content=\"es_ES\" \/>\n<meta property=\"og:type\" content=\"article\" \/>\n<meta property=\"og:title\" content=\"Home | DEAL\" \/>\n<meta property=\"og:description\" content=\"[vc_row][vc_column offset=\u00bbvc_hidden-sm vc_hidden-xs\u00bb col_shadow=\u00bbbox_shadow_enable:disable|shadow_horizontal:0|shadow_vertical:15|shadow_blur:50|shadow_spread:0|box_shadow_color:rgba(0%2C0%2C0%2C0.35)\u00bb col_shadow_hover=\u00bbbox_shadow_enable:disable|shadow_horizontal:0|shadow_vertical:15|shadow_blur:50|shadow_spread:0|box_shadow_color:rgba(0%2C0%2C0%2C0.35)\u00bb][vc_empty_space height=\u00bb50px\u00bb][\/vc_column][\/vc_row][vc_row][vc_column][vc_column_text] Dementia, Education, Approach, Life [\/vc_column_text][vc_empty_space height=\u00bb50px\u00bb][vc_row_inner][vc_column_inner width=\u00bb1\/3&#8243;][dfd_single_image retina_image_size=\u00bbx2&#8243; image=\u00bb4011&#8243; retina_image_x2=\u00bb4017&#8243;][\/vc_column_inner][vc_column_inner width=\u00bb2\/3&#8243;][vc_column_text]El n\u00famero de personas que padecen demencia aumentar\u00e1 y, en consecuencia, la carga socioecon\u00f3mica\" \/>\n<meta property=\"og:url\" content=\"https:\/\/deal-project.info\/es\/\" \/>\n<meta property=\"og:site_name\" content=\"DEAL\" \/>\n<meta property=\"article:publisher\" content=\"https:\/\/www.facebook.com\/dealproject\/\" \/>\n<meta property=\"article:modified_time\" content=\"2021-03-03T09:37:12+00:00\" \/>\n<meta property=\"og:image\" content=\"https:\/\/deal-project.info\/wp-content\/uploads\/2020\/02\/featured-image-training.jpg\" \/>\n\t<meta property=\"og:image:width\" content=\"1200\" \/>\n\t<meta property=\"og:image:height\" content=\"630\" \/>\n<meta name=\"twitter:card\" content=\"summary_large_image\" \/>\n<meta name=\"twitter:label1\" content=\"Escrito por\">\n\t<meta name=\"twitter:data1\" content=\"administratorPGA\">\n\t<meta name=\"twitter:label2\" content=\"Tiempo de lectura\">\n\t<meta name=\"twitter:data2\" content=\"3 minutos\">\n<script type=\"application\/ld+json\" class=\"yoast-schema-graph\">{\"@context\":\"https:\/\/schema.org\",\"@graph\":[{\"@type\":\"Organization\",\"@id\":\"https:\/\/deal-project.info\/#organization\",\"name\":\"DEAL\",\"url\":\"https:\/\/deal-project.info\/\",\"sameAs\":[\"https:\/\/www.facebook.com\/dealproject\/\"],\"logo\":{\"@type\":\"ImageObject\",\"@id\":\"https:\/\/deal-project.info\/#logo\",\"inLanguage\":\"es\",\"url\":\"https:\/\/deal-project.info\/wp-content\/uploads\/2019\/02\/DEAL_LOGO_NEW_PRES_150.png\",\"width\":338,\"height\":150,\"caption\":\"DEAL\"},\"image\":{\"@id\":\"https:\/\/deal-project.info\/#logo\"}},{\"@type\":\"WebSite\",\"@id\":\"https:\/\/deal-project.info\/#website\",\"url\":\"https:\/\/deal-project.info\/\",\"name\":\"DEAL\",\"description\":\"Dementia. Education. Approach. Life.\",\"publisher\":{\"@id\":\"https:\/\/deal-project.info\/#organization\"},\"potentialAction\":[{\"@type\":\"SearchAction\",\"target\":\"https:\/\/deal-project.info\/?s={search_term_string}\",\"query-input\":\"required name=search_term_string\"}],\"inLanguage\":\"es\"},{\"@type\":\"ImageObject\",\"@id\":\"https:\/\/deal-project.info\/es\/#primaryimage\",\"inLanguage\":\"es\",\"url\":\"https:\/\/deal-project.info\/wp-content\/uploads\/2020\/02\/featured-image-training.jpg\",\"width\":1200,\"height\":630},{\"@type\":\"WebPage\",\"@id\":\"https:\/\/deal-project.info\/es\/#webpage\",\"url\":\"https:\/\/deal-project.info\/es\/\",\"name\":\"Home | DEAL\",\"isPartOf\":{\"@id\":\"https:\/\/deal-project.info\/#website\"},\"primaryImageOfPage\":{\"@id\":\"https:\/\/deal-project.info\/es\/#primaryimage\"},\"datePublished\":\"2020-02-21T15:56:52+00:00\",\"dateModified\":\"2021-03-03T09:37:12+00:00\",\"inLanguage\":\"es\",\"potentialAction\":[{\"@type\":\"ReadAction\",\"target\":[\"https:\/\/deal-project.info\/es\/\"]}]}]}<\/script>\n<!-- \/ Yoast SEO plugin. -->","_links":{"self":[{"href":"https:\/\/deal-project.info\/es\/wp-json\/wp\/v2\/pages\/5075"}],"collection":[{"href":"https:\/\/deal-project.info\/es\/wp-json\/wp\/v2\/pages"}],"about":[{"href":"https:\/\/deal-project.info\/es\/wp-json\/wp\/v2\/types\/page"}],"author":[{"embeddable":true,"href":"https:\/\/deal-project.info\/es\/wp-json\/wp\/v2\/users\/1"}],"replies":[{"embeddable":true,"href":"https:\/\/deal-project.info\/es\/wp-json\/wp\/v2\/comments?post=5075"}],"version-history":[{"count":7,"href":"https:\/\/deal-project.info\/es\/wp-json\/wp\/v2\/pages\/5075\/revisions"}],"predecessor-version":[{"id":8177,"href":"https:\/\/deal-project.info\/es\/wp-json\/wp\/v2\/pages\/5075\/revisions\/8177"}],"wp:featuredmedia":[{"embeddable":true,"href":"https:\/\/deal-project.info\/es\/wp-json\/wp\/v2\/media\/4128"}],"wp:attachment":[{"href":"https:\/\/deal-project.info\/es\/wp-json\/wp\/v2\/media?parent=5075"}],"curies":[{"name":"wp","href":"https:\/\/api.w.org\/{rel}","templated":true}]}}