{"id":4353,"date":"2020-02-21T16:19:27","date_gmt":"2020-02-21T14:19:27","guid":{"rendered":"https:\/\/deal-project.info\/hjem\/"},"modified":"2021-03-03T11:29:54","modified_gmt":"2021-03-03T09:29:54","slug":"hjem","status":"publish","type":"page","link":"https:\/\/deal-project.info\/da\/","title":{"rendered":"Hjem"},"content":{"rendered":"<p>[vc_row][vc_column offset=&#8221;vc_hidden-sm vc_hidden-xs&#8221; col_shadow=&#8221;box_shadow_enable:disable|shadow_horizontal:0|shadow_vertical:15|shadow_blur:50|shadow_spread:0|box_shadow_color:rgba(0%2C0%2C0%2C0.35)&#8221; col_shadow_hover=&#8221;box_shadow_enable:disable|shadow_horizontal:0|shadow_vertical:15|shadow_blur:50|shadow_spread:0|box_shadow_color:rgba(0%2C0%2C0%2C0.35)&#8221;][vc_empty_space height=&#8221;50px&#8221;][\/vc_column][\/vc_row][vc_row][vc_column][vc_column_text]<\/p>\n<h1 style=\"text-align: center;\">Demens, Uddannelse, Tilgang &#8211; og Livet<\/h1>\n<p>[\/vc_column_text][vc_empty_space height=&#8221;50px&#8221;][vc_row_inner][vc_column_inner width=&#8221;1\/3&#8243;][dfd_single_image retina_image_size=&#8221;x2&#8243; image=&#8221;4011&#8243; retina_image_x2=&#8221;4017&#8243;][\/vc_column_inner][vc_column_inner width=&#8221;2\/3&#8243;][vc_column_text]<\/p>\n<p>Antallet af mennesker, som lider af demens, vil over den n\u00e6ste \u00e5rr\u00e6kke fortsat stige og samtidig vil den socio\u00f8konomiske byrde vokse i takt med udviklingen. Medlemslandene i EU har p\u00e5 grund af denne udvikling og de medf\u00f8lgende omkostninger og p\u00e5virkningen p\u00e5 samfundet besluttet, at demensindsatsen skal have en h\u00f8j prioritering.<br \/>\nFlere europ\u00e6iske lande har erkendt udfordringen og derfor er der i flere lande iv\u00e6rksat nationale demenshandleplaner med flere initiativer. I de mere velst\u00e5ende lande udvikles og implementeres ogs\u00e5 ny teknologi p\u00e5 omr\u00e5det. Der synes dog at v\u00e6re en manglende forbindelse mellem: p\u00e5 den ene side al den forskning, der gennemf\u00f8res, al den eksisterende viden og den enorme m\u00e6ngde penge, der bliver brugt \u2013 og p\u00e5 den anden side: den prioritering demensomr\u00e5det har i uddannelsen af det grundl\u00e6ggende plejepersonale inden for sundhedsuddannelserne i Europa.<\/p>\n<p>[\/vc_column_text][\/vc_column_inner][\/vc_row_inner][\/vc_column][\/vc_row][vc_row][vc_column][vc_empty_space height=&#8221;100px&#8221;][\/vc_column][\/vc_row][vc_row][vc_column][vc_column_text]<\/p>\n<h2 style=\"text-align: center;\"><span class=\"VIiyi\" lang=\"da\"><span class=\"JLqJ4b ChMk0b\" data-language-for-alternatives=\"da\" data-language-to-translate-into=\"auto\" data-phrase-index=\"0\">Vores videoer<\/span><\/span><\/h2>\n<p>[\/vc_column_text][\/vc_column][\/vc_row][vc_row][vc_column width=&#8221;1\/3&#8243;][dfd_videoplayer video_link=&#8221;https:\/\/youtu.be\/7kv8hH-v6BQ&#8221; main_style=&#8221;style-1&#8243;][vc_column_text]<\/p>\n<p style=\"text-align: center;\">Hvad er det mest givende for dig, n\u00e5r du arbejder med mennesker med demens? Hvordan udvikler det dig?<\/p>\n<p>[\/vc_column_text][vc_empty_space height=&#8221;20px&#8221;][\/vc_column][vc_column width=&#8221;1\/3&#8243;][dfd_videoplayer video_link=&#8221;https:\/\/youtu.be\/-KoTClP8hxE&#8221; main_style=&#8221;style-1&#8243;][vc_column_text]<\/p>\n<p style=\"text-align: center;\">Beskriv situationer \/ \u00f8jeblikke \/ tilf\u00e6lde, hvor du f\u00f8lte, at du gjorde en forskel for mennesker i dit job (pleje til mennesker med demens)<\/p>\n<p>[\/vc_column_text][vc_empty_space height=&#8221;20px&#8221;][\/vc_column][vc_column width=&#8221;1\/3&#8243;][dfd_videoplayer video_link=&#8221;https:\/\/youtu.be\/xiL3rzOi5EU&#8221; main_style=&#8221;style-1&#8243;][vc_column_text]<\/p>\n<p style=\"text-align: center;\">Hvorfor vil du anbefale at man uddanner sig til at arbejde med personer med demens?<\/p>\n<p>[\/vc_column_text][vc_empty_space height=&#8221;20px&#8221;][\/vc_column][\/vc_row][vc_row][vc_column][vc_empty_space height=&#8221;100px&#8221;][\/vc_column][\/vc_row][vc_row][vc_column][vc_column_text]<\/p>\n<h2 style=\"text-align: center;\">Our Policy Report<\/h2>\n<p>[\/vc_column_text][dfd_single_image image_size=&#8221;custom&#8221; image_width=&#8221;150&#8243; image_height=&#8221;150&#8243; image=&#8221;8167&#8243; tutorials=&#8221;&#8221;][vc_column_text]<\/p>\n<p><center><div class=\"_df_button \" id=\"df_8142\"  wpoptions=\"true\" >Policy Report<\/div><script data-cfasync=\"false\">var option_df_8142 = {\"outline\":[],\"forceFit\":\"true\",\"autoEnableOutline\":\"false\",\"autoEnableThumbnail\":\"false\",\"overwritePDFOutline\":\"false\",\"direction\":\"1\",\"pageMode\":\"0\",\"source\":\"https:\\\/\\\/deal-project.info\\\/wp-content\\\/uploads\\\/2021\\\/03\\\/DEAL_IO5_Policy_Report_Final_IG.pdf\",\"wpOptions\":\"true\"}; if(window.DFLIP && DFLIP.parseBooks){DFLIP.parseBooks();}<\/script><\/center>[\/vc_column_text][\/vc_column][\/vc_row][vc_row][vc_column][vc_empty_space height=&#8221;100px&#8221;][\/vc_column][\/vc_row][vc_row][vc_column][vc_column_text]<\/p>\n<h2 style=\"text-align: center;\">Nyheder fra de deltagende lande (p\u00e5 engelsk)<\/h2>\n<p>[\/vc_column_text][dfd_blog_posts posts_to_show=&#8221;6&#8243; items_offset=&#8221;20&#8243; post_image_width=&#8221;600&#8243; post_image_height=&#8221;300&#8243; columns=&#8221;3&#8243; thumb_rounded=&#8221;6&#8243; show_sort_panel=&#8221;&#8221; post_show_top_cat=&#8221;&#8221; post_show_meta_category=&#8221;&#8221; post_show_content=&#8221;&#8221; post_show_author_box=&#8221;&#8221; post_content_alignment=&#8221;text-center&#8221; post_content_style=&#8221;full_front&#8221; post_style=&#8221;fitRows&#8221;][\/vc_column][\/vc_row][vc_row][vc_column][vc_empty_space height=&#8221;100px&#8221;][\/vc_column][\/vc_row][vc_row force_equal_height_columns=&#8221;main_row&#8221;][vc_column width=&#8221;1\/3&#8243;][dfd_single_image retina_image_size=&#8221;x2&#8243; image=&#8221;4023&#8243; retina_image_x2=&#8221;4029&#8243;][\/vc_column][vc_column width=&#8221;2\/3&#8243;][vc_column_text]<\/p>\n<h2>M\u00e5lgrupper<\/h2>\n<p>M\u00e5lgrupperne for projektet er f\u00f8lgende:<br \/>\n[\/vc_column_text][dfd_icon_list list_fields=&#8221;%5B%7B%22icon_type%22%3A%22selector%22%2C%22select_icon%22%3A%22dfd_icons%22%2C%22ic_dfd_icons%22%3A%22dfd-socicon-icon-checkmark%22%2C%22text_content%22%3A%22VEJLEDERE%20OG%20UNDERVISERE%20P%C3%85%20SOSU%20SKOLERNE%5Cn%22%7D%2C%7B%22icon_type%22%3A%22selector%22%2C%22select_icon%22%3A%22dfd_icons%22%2C%22ic_dfd_icons%22%3A%22dfd-socicon-icon-checkmark%22%2C%22text_content%22%3A%22SOCIAL-%20OG%20SUNDHEDSELEVER%5Cn%22%7D%2C%7B%22icon_type%22%3A%22selector%22%2C%22select_icon%22%3A%22dfd_icons%22%2C%22ic_dfd_icons%22%3A%22dfd-socicon-icon-checkmark%22%2C%22text_content%22%3A%22SOCIAL-%20OG%20SUNDHEDSPERSONALE%5Cn%22%7D%2C%7B%22icon_type%22%3A%22selector%22%2C%22select_icon%22%3A%22dfd_icons%22%2C%22ic_dfd_icons%22%3A%22dfd-socicon-icon-checkmark%22%2C%22text_content%22%3A%22BESLUTNINGSTAGERE%20P%C3%85%20UDDANNELSESOMR%C3%85DET%5Cn%22%7D%5D&#8221; del_height=&#8221;1&#8243; main_style=&#8221;style-3&#8243; icon_size=&#8221;25&#8243; font_options=&#8221;tag:h4&#8243; icon_color=&#8221;#009fe3&#8243; del_color=&#8221;#009fe3&#8243;][vc_column_text]<br \/>\n<em>Derudover vil p\u00e5r\u00f8rende til mennesker med demens ogs\u00e5 drage fordel af projektets resultater og i sidste ende ogs\u00e5 borgeren med demens.<\/em><br \/>\n[\/vc_column_text][\/vc_column][\/vc_row][vc_row][vc_column][vc_empty_space height=&#8221;100px&#8221;][\/vc_column][\/vc_row]<\/p>\n","protected":false},"excerpt":{"rendered":"<p>[vc_row][vc_column offset=&#8221;vc_hidden-sm vc_hidden-xs&#8221; col_shadow=&#8221;box_shadow_enable:disable|shadow_horizontal:0|shadow_vertical:15|shadow_blur:50|shadow_spread:0|box_shadow_color:rgba(0%2C0%2C0%2C0.35)&#8221; col_shadow_hover=&#8221;box_shadow_enable:disable|shadow_horizontal:0|shadow_vertical:15|shadow_blur:50|shadow_spread:0|box_shadow_color:rgba(0%2C0%2C0%2C0.35)&#8221;][vc_empty_space height=&#8221;50px&#8221;][\/vc_column][\/vc_row][vc_row][vc_column][vc_column_text] Demens, Uddannelse, Tilgang &#8211; og Livet [\/vc_column_text][vc_empty_space height=&#8221;50px&#8221;][vc_row_inner][vc_column_inner width=&#8221;1\/3&#8243;][dfd_single_image retina_image_size=&#8221;x2&#8243; image=&#8221;4011&#8243; retina_image_x2=&#8221;4017&#8243;][\/vc_column_inner][vc_column_inner width=&#8221;2\/3&#8243;][vc_column_text] Antallet af mennesker, som lider af demens, vil over den n\u00e6ste<\/p>\n","protected":false},"author":1,"featured_media":4124,"parent":0,"menu_order":0,"comment_status":"closed","ping_status":"closed","template":"tmp-page.php","meta":{"footnotes":""},"yoast_head":"<!-- This site is optimized with the Yoast SEO plugin v15.2.1 - https:\/\/yoast.com\/wordpress\/plugins\/seo\/ -->\n<title>Hjem | DEAL<\/title>\n<meta name=\"robots\" content=\"index, follow, max-snippet:-1, max-image-preview:large, max-video-preview:-1\" \/>\n<link rel=\"canonical\" href=\"https:\/\/deal-project.info\/da\/\" \/>\n<meta property=\"og:locale\" content=\"da_DK\" \/>\n<meta property=\"og:type\" content=\"article\" \/>\n<meta property=\"og:title\" content=\"Hjem | DEAL\" \/>\n<meta property=\"og:description\" content=\"[vc_row][vc_column offset=&#8221;vc_hidden-sm vc_hidden-xs&#8221; col_shadow=&#8221;box_shadow_enable:disable|shadow_horizontal:0|shadow_vertical:15|shadow_blur:50|shadow_spread:0|box_shadow_color:rgba(0%2C0%2C0%2C0.35)&#8221; col_shadow_hover=&#8221;box_shadow_enable:disable|shadow_horizontal:0|shadow_vertical:15|shadow_blur:50|shadow_spread:0|box_shadow_color:rgba(0%2C0%2C0%2C0.35)&#8221;][vc_empty_space height=&#8221;50px&#8221;][\/vc_column][\/vc_row][vc_row][vc_column][vc_column_text] Demens, Uddannelse, Tilgang &#8211; og Livet [\/vc_column_text][vc_empty_space height=&#8221;50px&#8221;][vc_row_inner][vc_column_inner width=&#8221;1\/3&#8243;][dfd_single_image retina_image_size=&#8221;x2&#8243; image=&#8221;4011&#8243; retina_image_x2=&#8221;4017&#8243;][\/vc_column_inner][vc_column_inner width=&#8221;2\/3&#8243;][vc_column_text] Antallet af mennesker, som lider af demens, vil over den n\u00e6ste\" \/>\n<meta property=\"og:url\" content=\"https:\/\/deal-project.info\/da\/\" \/>\n<meta property=\"og:site_name\" content=\"DEAL\" \/>\n<meta property=\"article:publisher\" content=\"https:\/\/www.facebook.com\/dealproject\/\" \/>\n<meta property=\"article:modified_time\" content=\"2021-03-03T09:29:54+00:00\" \/>\n<meta property=\"og:image\" content=\"https:\/\/deal-project.info\/wp-content\/uploads\/2020\/02\/featured-image-training.jpg\" \/>\n\t<meta property=\"og:image:width\" content=\"1200\" \/>\n\t<meta property=\"og:image:height\" content=\"630\" \/>\n<meta name=\"twitter:card\" content=\"summary_large_image\" \/>\n<meta name=\"twitter:label1\" content=\"Written by\">\n\t<meta name=\"twitter:data1\" content=\"administratorPGA\">\n\t<meta name=\"twitter:label2\" content=\"Est. reading time\">\n\t<meta name=\"twitter:data2\" content=\"3 minutter\">\n<script type=\"application\/ld+json\" class=\"yoast-schema-graph\">{\"@context\":\"https:\/\/schema.org\",\"@graph\":[{\"@type\":\"Organization\",\"@id\":\"https:\/\/deal-project.info\/#organization\",\"name\":\"DEAL\",\"url\":\"https:\/\/deal-project.info\/\",\"sameAs\":[\"https:\/\/www.facebook.com\/dealproject\/\"],\"logo\":{\"@type\":\"ImageObject\",\"@id\":\"https:\/\/deal-project.info\/#logo\",\"inLanguage\":\"da-DK\",\"url\":\"https:\/\/deal-project.info\/wp-content\/uploads\/2019\/02\/DEAL_LOGO_NEW_PRES_150.png\",\"width\":338,\"height\":150,\"caption\":\"DEAL\"},\"image\":{\"@id\":\"https:\/\/deal-project.info\/#logo\"}},{\"@type\":\"WebSite\",\"@id\":\"https:\/\/deal-project.info\/#website\",\"url\":\"https:\/\/deal-project.info\/\",\"name\":\"DEAL\",\"description\":\"Dementia. Education. Approach. Life.\",\"publisher\":{\"@id\":\"https:\/\/deal-project.info\/#organization\"},\"potentialAction\":[{\"@type\":\"SearchAction\",\"target\":\"https:\/\/deal-project.info\/?s={search_term_string}\",\"query-input\":\"required name=search_term_string\"}],\"inLanguage\":\"da-DK\"},{\"@type\":\"ImageObject\",\"@id\":\"https:\/\/deal-project.info\/da\/#primaryimage\",\"inLanguage\":\"da-DK\",\"url\":\"https:\/\/deal-project.info\/wp-content\/uploads\/2020\/02\/featured-image-training.jpg\",\"width\":1200,\"height\":630},{\"@type\":\"WebPage\",\"@id\":\"https:\/\/deal-project.info\/da\/#webpage\",\"url\":\"https:\/\/deal-project.info\/da\/\",\"name\":\"Hjem | DEAL\",\"isPartOf\":{\"@id\":\"https:\/\/deal-project.info\/#website\"},\"primaryImageOfPage\":{\"@id\":\"https:\/\/deal-project.info\/da\/#primaryimage\"},\"datePublished\":\"2020-02-21T14:19:27+00:00\",\"dateModified\":\"2021-03-03T09:29:54+00:00\",\"inLanguage\":\"da-DK\",\"potentialAction\":[{\"@type\":\"ReadAction\",\"target\":[\"https:\/\/deal-project.info\/da\/\"]}]}]}<\/script>\n<!-- \/ Yoast SEO plugin. -->","_links":{"self":[{"href":"https:\/\/deal-project.info\/da\/wp-json\/wp\/v2\/pages\/4353"}],"collection":[{"href":"https:\/\/deal-project.info\/da\/wp-json\/wp\/v2\/pages"}],"about":[{"href":"https:\/\/deal-project.info\/da\/wp-json\/wp\/v2\/types\/page"}],"author":[{"embeddable":true,"href":"https:\/\/deal-project.info\/da\/wp-json\/wp\/v2\/users\/1"}],"replies":[{"embeddable":true,"href":"https:\/\/deal-project.info\/da\/wp-json\/wp\/v2\/comments?post=4353"}],"version-history":[{"count":11,"href":"https:\/\/deal-project.info\/da\/wp-json\/wp\/v2\/pages\/4353\/revisions"}],"predecessor-version":[{"id":8173,"href":"https:\/\/deal-project.info\/da\/wp-json\/wp\/v2\/pages\/4353\/revisions\/8173"}],"wp:featuredmedia":[{"embeddable":true,"href":"https:\/\/deal-project.info\/da\/wp-json\/wp\/v2\/media\/4124"}],"wp:attachment":[{"href":"https:\/\/deal-project.info\/da\/wp-json\/wp\/v2\/media?parent=4353"}],"curies":[{"name":"wp","href":"https:\/\/api.w.org\/{rel}","templated":true}]}}